{"id":52,"date":"2013-05-21T17:45:54","date_gmt":"2013-05-21T16:45:54","guid":{"rendered":"http:\/\/www.lesventsdanches.fr\/?page_id=52"},"modified":"2023-10-12T09:45:11","modified_gmt":"2023-10-12T08:45:11","slug":"revue-de-presse","status":"publish","type":"page","link":"https:\/\/www.lesventsdanches.fr\/ensemble-de-clarinettes\/revue-de-presse\/","title":{"rendered":"Revue de presse"},"content":{"rendered":"\n\t\t<style type=\"text\/css\">\n\t\t\t#gallery-1 {\n\t\t\t\tmargin: auto;\n\t\t\t}\n\t\t\t#gallery-1 .gallery-item {\n\t\t\t\tfloat: left;\n\t\t\t\tmargin-top: 10px;\n\t\t\t\ttext-align: center;\n\t\t\t\twidth: 33%;\n\t\t\t}\n\t\t\t#gallery-1 img {\n\t\t\t\tborder: 2px solid #cfcfcf;\n\t\t\t}\n\t\t\t#gallery-1 .gallery-caption {\n\t\t\t\tmargin-left: 0;\n\t\t\t}\n\t\t\t\/* see gallery_shortcode() in wp-includes\/media.php *\/\n\t\t<\/style>\n\t\t<div id='gallery-1' class='gallery galleryid-52 gallery-columns-3 gallery-size-thumbnail'><dl class='gallery-item'>\n\t\t\t<dt class='gallery-icon portrait'>\n\t\t\t\t<a href='https:\/\/www.lesventsdanches.fr\/wp-content\/uploads\/2023\/10\/Affiche-concert-espagnol-clarinettes-muzycales-muzy-20-octobre-2023-scaled.jpg'><img loading=\"lazy\" decoding=\"async\" width=\"150\" height=\"150\" src=\"https:\/\/www.lesventsdanches.fr\/wp-content\/uploads\/2023\/10\/Affiche-concert-espagnol-clarinettes-muzycales-muzy-20-octobre-2023-150x150.jpg\" class=\"attachment-thumbnail size-thumbnail\" alt=\"Affiche-concert-espagnol-clarinettes-muzycales-muzy-20-octobre-2023\" aria-describedby=\"gallery-1-1148\" \/><\/a>\n\t\t\t<\/dt>\n\t\t\t\t<dd class='wp-caption-text gallery-caption' id='gallery-1-1148'>\n\t\t\t\t20 octobre 2023\n\t\t\t\t<\/dd><\/dl><dl class='gallery-item'>\n\t\t\t<dt class='gallery-icon portrait'>\n\t\t\t\t<a href='https:\/\/www.lesventsdanches.fr\/wp-content\/uploads\/2023\/04\/Affiche-concert-clarinettes-eglise-couture-boussey-mozart-lettres-15-avril-2023-scaled.jpg'><img loading=\"lazy\" decoding=\"async\" width=\"150\" height=\"150\" src=\"https:\/\/www.lesventsdanches.fr\/wp-content\/uploads\/2023\/04\/Affiche-concert-clarinettes-eglise-couture-boussey-mozart-lettres-15-avril-2023-150x150.jpg\" class=\"attachment-thumbnail size-thumbnail\" alt=\"Concert sp\u00e9cial Mozart : de la musique et des Lettre. \u00c9glise de la Couture-Boussey le 15 avril 2023\" aria-describedby=\"gallery-1-1106\" \/><\/a>\n\t\t\t<\/dt>\n\t\t\t\t<dd class='wp-caption-text gallery-caption' id='gallery-1-1106'>\n\t\t\t\t15 avril 2023\n\t\t\t\t<\/dd><\/dl><dl class='gallery-item'>\n\t\t\t<dt class='gallery-icon portrait'>\n\t\t\t\t<a href='https:\/\/www.lesventsdanches.fr\/wp-content\/uploads\/2023\/03\/Affiche-concert-LVDA-Luray-dim-19-mars-2023-scaled.jpg'><img loading=\"lazy\" decoding=\"async\" width=\"150\" height=\"150\" src=\"https:\/\/www.lesventsdanches.fr\/wp-content\/uploads\/2023\/03\/Affiche-concert-LVDA-Luray-dim-19-mars-2023-150x150.jpg\" class=\"attachment-thumbnail size-thumbnail\" alt=\"Concert Ensemble de clarinettes Les Vents d&#039;Anches Luray Musique de film au profit des sinistr\u00e9s du s\u00e9isme en Turquie et en Syrie\" aria-describedby=\"gallery-1-1086\" \/><\/a>\n\t\t\t<\/dt>\n\t\t\t\t<dd class='wp-caption-text gallery-caption' id='gallery-1-1086'>\n\t\t\t\t19 mars 2023\n\t\t\t\t<\/dd><\/dl><br style=\"clear: both\" \/><dl class='gallery-item'>\n\t\t\t<dt class='gallery-icon portrait'>\n\t\t\t\t<a href='https:\/\/www.lesventsdanches.fr\/wp-content\/uploads\/2022\/06\/MUZYCALES_Conf\u00e9rence_-musicale_Mozart-de-Lettres-en-Notes.jpg'><img loading=\"lazy\" decoding=\"async\" width=\"150\" height=\"150\" src=\"https:\/\/www.lesventsdanches.fr\/wp-content\/uploads\/2022\/06\/MUZYCALES_Conf\u00e9rence_-musicale_Mozart-de-Lettres-en-Notes-150x150.jpg\" class=\"attachment-thumbnail size-thumbnail\" alt=\"Muzycales Conf\u00e9rence musicale \u00e0 l&#039;\u00e9glise de Muzy Mozart de Lettres en Notes\" aria-describedby=\"gallery-1-1062\" \/><\/a>\n\t\t\t<\/dt>\n\t\t\t\t<dd class='wp-caption-text gallery-caption' id='gallery-1-1062'>\n\t\t\t\t17 juin 2022\n\t\t\t\t<\/dd><\/dl><dl class='gallery-item'>\n\t\t\t<dt class='gallery-icon portrait'>\n\t\t\t\t<a href='https:\/\/www.lesventsdanches.fr\/wp-content\/uploads\/2021\/09\/Journee-europeenne-patrimoine-programme-eglise-Marville-Moutiers-Brule.png'><img loading=\"lazy\" decoding=\"async\" width=\"150\" height=\"150\" src=\"https:\/\/www.lesventsdanches.fr\/wp-content\/uploads\/2021\/09\/Journee-europeenne-patrimoine-programme-eglise-Marville-Moutiers-Brule-150x150.png\" class=\"attachment-thumbnail size-thumbnail\" alt=\"Programme des Journ\u00e9es europ\u00e9ennes du Patrimoine \u00c9glise Marville-Moutiers-Br\u00fbl\u00e9 18-19 septembre 2021\" aria-describedby=\"gallery-1-1052\" \/><\/a>\n\t\t\t<\/dt>\n\t\t\t\t<dd class='wp-caption-text gallery-caption' id='gallery-1-1052'>\n\t\t\t\t18 septembre 2021\n\t\t\t\t<\/dd><\/dl><dl class='gallery-item'>\n\t\t\t<dt class='gallery-icon portrait'>\n\t\t\t\t<a href='https:\/\/www.lesventsdanches.fr\/wp-content\/uploads\/2017\/07\/AFFICHE-CONCERT-CLARINETTES-BLEVY-16-SEPTEMBRE-2017-PATRIMOINE.jpg'><img loading=\"lazy\" decoding=\"async\" width=\"150\" height=\"150\" src=\"https:\/\/www.lesventsdanches.fr\/wp-content\/uploads\/2017\/07\/AFFICHE-CONCERT-CLARINETTES-BLEVY-16-SEPTEMBRE-2017-PATRIMOINE-150x150.jpg\" class=\"attachment-thumbnail size-thumbnail\" alt=\"AFFICHE CONCERT CLARINETTES BLEVY 16 SEPTEMBRE 2017 PATRIMOINE\" aria-describedby=\"gallery-1-1020\" \/><\/a>\n\t\t\t<\/dt>\n\t\t\t\t<dd class='wp-caption-text gallery-caption' id='gallery-1-1020'>\n\t\t\t\t16 septembre 2017\n\t\t\t\t<\/dd><\/dl><br style=\"clear: both\" \/><dl class='gallery-item'>\n\t\t\t<dt class='gallery-icon portrait'>\n\t\t\t\t<a href='https:\/\/www.lesventsdanches.fr\/wp-content\/uploads\/2016\/08\/Affiche-concert-LVDA-Ecluzelles-sam-24-sept-161.jpg'><img loading=\"lazy\" decoding=\"async\" width=\"150\" height=\"150\" src=\"https:\/\/www.lesventsdanches.fr\/wp-content\/uploads\/2016\/08\/Affiche-concert-LVDA-Ecluzelles-sam-24-sept-161-150x150.jpg\" class=\"attachment-thumbnail size-thumbnail\" alt=\"Concert \u00e0 Ecluzelles - Samedi 24 septembre 2016\" aria-describedby=\"gallery-1-991\" \/><\/a>\n\t\t\t<\/dt>\n\t\t\t\t<dd class='wp-caption-text gallery-caption' id='gallery-1-991'>\n\t\t\t\t24 septembre 2016\n\t\t\t\t<\/dd><\/dl><dl class='gallery-item'>\n\t\t\t<dt class='gallery-icon portrait'>\n\t\t\t\t<a href='https:\/\/www.lesventsdanches.fr\/wp-content\/uploads\/2015\/09\/Affiche-concert-LVDA-Hermeray-dim-20-sept-15.jpg'><img loading=\"lazy\" decoding=\"async\" width=\"150\" height=\"150\" src=\"https:\/\/www.lesventsdanches.fr\/wp-content\/uploads\/2015\/09\/Affiche-concert-LVDA-Hermeray-dim-20-sept-15-150x150.jpg\" class=\"attachment-thumbnail size-thumbnail\" alt=\"Affiche-concert-LVDA-Hermeray-dim-20-sept-15\" aria-describedby=\"gallery-1-965\" \/><\/a>\n\t\t\t<\/dt>\n\t\t\t\t<dd class='wp-caption-text gallery-caption' id='gallery-1-965'>\n\t\t\t\t20 septembre 2015\n\t\t\t\t<\/dd><\/dl><dl class='gallery-item'>\n\t\t\t<dt class='gallery-icon portrait'>\n\t\t\t\t<a href='https:\/\/www.lesventsdanches.fr\/wp-content\/uploads\/2015\/04\/Affiche-4\u00e8me-festival-de-jazz-11avril2015-Gressey.jpg'><img loading=\"lazy\" decoding=\"async\" width=\"150\" height=\"150\" src=\"https:\/\/www.lesventsdanches.fr\/wp-content\/uploads\/2015\/04\/Affiche-4\u00e8me-festival-de-jazz-11avril2015-Gressey-150x150.jpg\" class=\"attachment-thumbnail size-thumbnail\" alt=\"Affiche-4\u00e8me-festival-de-jazz-11avril2015-Gressey\" aria-describedby=\"gallery-1-954\" \/><\/a>\n\t\t\t<\/dt>\n\t\t\t\t<dd class='wp-caption-text gallery-caption' id='gallery-1-954'>\n\t\t\t\t11 avril 2015\n\t\t\t\t<\/dd><\/dl><br style=\"clear: both\" \/><dl class='gallery-item'>\n\t\t\t<dt class='gallery-icon portrait'>\n\t\t\t\t<a href='https:\/\/www.lesventsdanches.fr\/wp-content\/uploads\/2013\/05\/Article-concert-garennes-sur-eure-22-f\u00e9v-15.jpg'><img loading=\"lazy\" decoding=\"async\" width=\"150\" height=\"150\" src=\"https:\/\/www.lesventsdanches.fr\/wp-content\/uploads\/2013\/05\/Article-concert-garennes-sur-eure-22-f\u00e9v-15-150x150.jpg\" class=\"attachment-thumbnail size-thumbnail\" alt=\"Article-concert-garennes-sur-eure-22-f\u00e9v-15\" aria-describedby=\"gallery-1-959\" \/><\/a>\n\t\t\t<\/dt>\n\t\t\t\t<dd class='wp-caption-text gallery-caption' id='gallery-1-959'>\n\t\t\t\t22 f\u00e9vrier 2015\n\t\t\t\t<\/dd><\/dl><dl class='gallery-item'>\n\t\t\t<dt class='gallery-icon portrait'>\n\t\t\t\t<a href='https:\/\/www.lesventsdanches.fr\/wp-content\/uploads\/2013\/05\/Affiche_concert-LVDA-Garennes-sur-Eure-dim-22-f\u00e9v-15.jpg'><img loading=\"lazy\" decoding=\"async\" width=\"150\" height=\"150\" src=\"https:\/\/www.lesventsdanches.fr\/wp-content\/uploads\/2013\/05\/Affiche_concert-LVDA-Garennes-sur-Eure-dim-22-f\u00e9v-15-150x150.jpg\" class=\"attachment-thumbnail size-thumbnail\" alt=\"22 f\u00e9vrier 2015 - Affiche concert Garennes-sur-Eure Loisirs et culture\" aria-describedby=\"gallery-1-944\" \/><\/a>\n\t\t\t<\/dt>\n\t\t\t\t<dd class='wp-caption-text gallery-caption' id='gallery-1-944'>\n\t\t\t\t22 f\u00e9vrier 2015\n\t\t\t\t<\/dd><\/dl><dl class='gallery-item'>\n\t\t\t<dt class='gallery-icon portrait'>\n\t\t\t\t<a href='https:\/\/www.lesventsdanches.fr\/wp-content\/uploads\/2013\/05\/Article-Concert-\u00e9glise-Illiers-LEv\u00eaque-25janv15.jpg'><img loading=\"lazy\" decoding=\"async\" width=\"150\" height=\"150\" src=\"https:\/\/www.lesventsdanches.fr\/wp-content\/uploads\/2013\/05\/Article-Concert-\u00e9glise-Illiers-LEv\u00eaque-25janv15-150x150.jpg\" class=\"attachment-thumbnail size-thumbnail\" alt=\"25 janvier 2015 - Article-Presse-L\u00e9cho-R\u00e9publicain-Concert-\u00e9glise-Illiers-L&#039;Ev\u00eaque-25janv15\" aria-describedby=\"gallery-1-950\" \/><\/a>\n\t\t\t<\/dt>\n\t\t\t\t<dd class='wp-caption-text gallery-caption' id='gallery-1-950'>\n\t\t\t\t25 janvier 2015\n\t\t\t\t<\/dd><\/dl><br style=\"clear: both\" \/><dl class='gallery-item'>\n\t\t\t<dt class='gallery-icon portrait'>\n\t\t\t\t<a href='https:\/\/www.lesventsdanches.fr\/wp-content\/uploads\/2013\/05\/Affiche-Concert-\u00e9glise-Illiers-LEv\u00eaque-25janv15.jpg'><img loading=\"lazy\" decoding=\"async\" width=\"150\" height=\"150\" src=\"https:\/\/www.lesventsdanches.fr\/wp-content\/uploads\/2013\/05\/Affiche-Concert-\u00e9glise-Illiers-LEv\u00eaque-25janv15-150x150.jpg\" class=\"attachment-thumbnail size-thumbnail\" alt=\"25 janvier 2015 - Concert \u00e9glise Illiers-L&#039;Ev\u00eaque - Association Leuc\u00e9mie - Tom Pouce pousse... la moelle\" aria-describedby=\"gallery-1-941\" \/><\/a>\n\t\t\t<\/dt>\n\t\t\t\t<dd class='wp-caption-text gallery-caption' id='gallery-1-941'>\n\t\t\t\t25 janvier 2015\n\t\t\t\t<\/dd><\/dl><dl class='gallery-item'>\n\t\t\t<dt class='gallery-icon portrait'>\n\t\t\t\t<a href='https:\/\/www.lesventsdanches.fr\/wp-content\/uploads\/2013\/05\/Affiche-concert-LVDA-Hermeray-dim-21-sept-14.jpg'><img loading=\"lazy\" decoding=\"async\" width=\"150\" height=\"150\" src=\"https:\/\/www.lesventsdanches.fr\/wp-content\/uploads\/2013\/05\/Affiche-concert-LVDA-Hermeray-dim-21-sept-14-150x150.jpg\" class=\"attachment-thumbnail size-thumbnail\" alt=\"21 septembre 2014 - Affiche concert \u00e9glise Hermeray\" aria-describedby=\"gallery-1-940\" \/><\/a>\n\t\t\t<\/dt>\n\t\t\t\t<dd class='wp-caption-text gallery-caption' id='gallery-1-940'>\n\t\t\t\t21 septembre 2014\n\t\t\t\t<\/dd><\/dl><dl class='gallery-item'>\n\t\t\t<dt class='gallery-icon portrait'>\n\t\t\t\t<a href='https:\/\/www.lesventsdanches.fr\/wp-content\/uploads\/2013\/05\/Affiche-Jazz-5-Avril-2014-Longnes-17h-23h.jpg'><img loading=\"lazy\" decoding=\"async\" width=\"150\" height=\"150\" src=\"https:\/\/www.lesventsdanches.fr\/wp-content\/uploads\/2013\/05\/Affiche-Jazz-5-Avril-2014-Longnes-17h-23h-150x150.jpg\" class=\"attachment-thumbnail size-thumbnail\" alt=\"5 avril 2014 - Affiche concert festival jazz Longnes\" aria-describedby=\"gallery-1-939\" \/><\/a>\n\t\t\t<\/dt>\n\t\t\t\t<dd class='wp-caption-text gallery-caption' id='gallery-1-939'>\n\t\t\t\t5 avril 2014\n\t\t\t\t<\/dd><\/dl><br style=\"clear: both\" \/><dl class='gallery-item'>\n\t\t\t<dt class='gallery-icon portrait'>\n\t\t\t\t<a href='https:\/\/www.lesventsdanches.fr\/wp-content\/uploads\/2013\/05\/020-plaquette-Concert-Eglise-Cond\u00e9-sur-Vesgre-15juin13.jpg'><img loading=\"lazy\" decoding=\"async\" width=\"150\" height=\"150\" src=\"https:\/\/www.lesventsdanches.fr\/wp-content\/uploads\/2013\/05\/020-plaquette-Concert-Eglise-Cond\u00e9-sur-Vesgre-15juin13-150x150.jpg\" class=\"attachment-thumbnail size-thumbnail\" alt=\"15 juin 2013 - Plaquette Concert Eglise Cond\u00e9-sur-Vesgre\" aria-describedby=\"gallery-1-644\" \/><\/a>\n\t\t\t<\/dt>\n\t\t\t\t<dd class='wp-caption-text gallery-caption' id='gallery-1-644'>\n\t\t\t\t15 juin 2013\n\t\t\t\t<\/dd><\/dl><dl class='gallery-item'>\n\t\t\t<dt class='gallery-icon portrait'>\n\t\t\t\t<a href='https:\/\/www.lesventsdanches.fr\/wp-content\/uploads\/2013\/05\/Affiche_concert_clarinette_bu_b\u00fb_31_mai_2013.jpg'><img loading=\"lazy\" decoding=\"async\" width=\"150\" height=\"150\" src=\"https:\/\/www.lesventsdanches.fr\/wp-content\/uploads\/2013\/05\/Affiche_concert_clarinette_bu_b\u00fb_31_mai_2013-150x150.jpg\" class=\"attachment-thumbnail size-thumbnail\" alt=\"31 mai 2013 - Affiche Concert B\u00fb\" aria-describedby=\"gallery-1-937\" \/><\/a>\n\t\t\t<\/dt>\n\t\t\t\t<dd class='wp-caption-text gallery-caption' id='gallery-1-937'>\n\t\t\t\t31 mai 2013\n\t\t\t\t<\/dd><\/dl><dl class='gallery-item'>\n\t\t\t<dt class='gallery-icon portrait'>\n\t\t\t\t<a href='https:\/\/www.lesventsdanches.fr\/wp-content\/uploads\/2013\/05\/019-plaquette-Rencontre-Pays-Houdanais-23mars13.jpg'><img loading=\"lazy\" decoding=\"async\" width=\"150\" height=\"150\" src=\"https:\/\/www.lesventsdanches.fr\/wp-content\/uploads\/2013\/05\/019-plaquette-Rencontre-Pays-Houdanais-23mars13-150x150.jpg\" class=\"attachment-thumbnail size-thumbnail\" alt=\"23 mars 2013 - Plaquette &quot;Rencontre en pays Houdanais&quot;\" aria-describedby=\"gallery-1-413\" \/><\/a>\n\t\t\t<\/dt>\n\t\t\t\t<dd class='wp-caption-text gallery-caption' id='gallery-1-413'>\n\t\t\t\t23 mars 2013\n\t\t\t\t<\/dd><\/dl><br style=\"clear: both\" \/><dl class='gallery-item'>\n\t\t\t<dt class='gallery-icon portrait'>\n\t\t\t\t<a href='https:\/\/www.lesventsdanches.fr\/wp-content\/uploads\/2013\/05\/018-plaquette-Rencontre-clarinettes-Sartrouville-17fev13.jpg'><img loading=\"lazy\" decoding=\"async\" width=\"150\" height=\"150\" src=\"https:\/\/www.lesventsdanches.fr\/wp-content\/uploads\/2013\/05\/018-plaquette-Rencontre-clarinettes-Sartrouville-17fev13-150x150.jpg\" class=\"attachment-thumbnail size-thumbnail\" alt=\"17 f\u00e9vrier 2013 - Sartrouville - Plaquette &quot;Rencontre de Clarinettes&quot;\" aria-describedby=\"gallery-1-412\" \/><\/a>\n\t\t\t<\/dt>\n\t\t\t\t<dd class='wp-caption-text gallery-caption' id='gallery-1-412'>\n\t\t\t\t17 f\u00e9vrier 2013\n\t\t\t\t<\/dd><\/dl><dl class='gallery-item'>\n\t\t\t<dt class='gallery-icon portrait'>\n\t\t\t\t<a href='https:\/\/www.lesventsdanches.fr\/wp-content\/uploads\/2013\/05\/017-presse-Vert-en-Drouais-6oct12.jpg'><img loading=\"lazy\" decoding=\"async\" width=\"150\" height=\"150\" src=\"https:\/\/www.lesventsdanches.fr\/wp-content\/uploads\/2013\/05\/017-presse-Vert-en-Drouais-6oct12-150x150.jpg\" class=\"attachment-thumbnail size-thumbnail\" alt=\"6 octobre 2012 - Vert-en-Drouais\" aria-describedby=\"gallery-1-740\" \/><\/a>\n\t\t\t<\/dt>\n\t\t\t\t<dd class='wp-caption-text gallery-caption' id='gallery-1-740'>\n\t\t\t\t6 octobre 2012\n\t\t\t\t<\/dd><\/dl><dl class='gallery-item'>\n\t\t\t<dt class='gallery-icon portrait'>\n\t\t\t\t<a href='https:\/\/www.lesventsdanches.fr\/wp-content\/uploads\/2013\/05\/017-presse-Rouvres-15janv12.jpg'><img loading=\"lazy\" decoding=\"async\" width=\"150\" height=\"150\" src=\"https:\/\/www.lesventsdanches.fr\/wp-content\/uploads\/2013\/05\/017-presse-Rouvres-15janv12-150x150.jpg\" class=\"attachment-thumbnail size-thumbnail\" alt=\"15 janvier 2012 - Rouvres\" aria-describedby=\"gallery-1-411\" \/><\/a>\n\t\t\t<\/dt>\n\t\t\t\t<dd class='wp-caption-text gallery-caption' id='gallery-1-411'>\n\t\t\t\t15 janvier 2012\n\t\t\t\t<\/dd><\/dl><br style=\"clear: both\" \/><dl class='gallery-item'>\n\t\t\t<dt class='gallery-icon landscape'>\n\t\t\t\t<a href='https:\/\/www.lesventsdanches.fr\/wp-content\/uploads\/2013\/05\/016b-presse-R\u00e9pCentre-OfficeTourisme-nov10.jpg'><img loading=\"lazy\" decoding=\"async\" width=\"150\" height=\"150\" src=\"https:\/\/www.lesventsdanches.fr\/wp-content\/uploads\/2013\/05\/016b-presse-R\u00e9pCentre-OfficeTourisme-nov10-150x150.jpg\" class=\"attachment-thumbnail size-thumbnail\" alt=\"Novembre 2010 - Office du Tourisme de Dreux - Pr\u00e9sentation du CD R\u00e9cr\u00e9&#039;Action&#039; - R\u00e9publique du Centre\" aria-describedby=\"gallery-1-410\" \/><\/a>\n\t\t\t<\/dt>\n\t\t\t\t<dd class='wp-caption-text gallery-caption' id='gallery-1-410'>\n\t\t\t\tNovembre 2010\n\t\t\t\t<\/dd><\/dl><dl class='gallery-item'>\n\t\t\t<dt class='gallery-icon landscape'>\n\t\t\t\t<a href='https:\/\/www.lesventsdanches.fr\/wp-content\/uploads\/2013\/05\/016a-presse-L\u00e9cho-OfficeTourisme-nov10.jpg'><img loading=\"lazy\" decoding=\"async\" width=\"150\" height=\"150\" src=\"https:\/\/www.lesventsdanches.fr\/wp-content\/uploads\/2013\/05\/016a-presse-L\u00e9cho-OfficeTourisme-nov10-150x150.jpg\" class=\"attachment-thumbnail size-thumbnail\" alt=\"Novembre 2010 - Office du Tourisme de Dreux - Pr\u00e9sentation du CD R\u00e9cr\u00e9&#039;Action&#039; - L&#039;Echo\" aria-describedby=\"gallery-1-409\" \/><\/a>\n\t\t\t<\/dt>\n\t\t\t\t<dd class='wp-caption-text gallery-caption' id='gallery-1-409'>\n\t\t\t\tNovembre 2010\n\t\t\t\t<\/dd><\/dl><dl class='gallery-item'>\n\t\t\t<dt class='gallery-icon portrait'>\n\t\t\t\t<a href='https:\/\/www.lesventsdanches.fr\/wp-content\/uploads\/2013\/05\/015-presse-VillageInfo28-Ecluzelles-21sept10.jpg'><img loading=\"lazy\" decoding=\"async\" width=\"150\" height=\"150\" src=\"https:\/\/www.lesventsdanches.fr\/wp-content\/uploads\/2013\/05\/015-presse-VillageInfo28-Ecluzelles-21sept10-150x150.jpg\" class=\"attachment-thumbnail size-thumbnail\" alt=\"21 septembre 2010 - Ecluzelles - Villages Infos L&#039;Hebdo\" aria-describedby=\"gallery-1-408\" \/><\/a>\n\t\t\t<\/dt>\n\t\t\t\t<dd class='wp-caption-text gallery-caption' id='gallery-1-408'>\n\t\t\t\t21 septembre 2010\n\t\t\t\t<\/dd><\/dl><br style=\"clear: both\" \/><dl class='gallery-item'>\n\t\t\t<dt class='gallery-icon landscape'>\n\t\t\t\t<a href='https:\/\/www.lesventsdanches.fr\/wp-content\/uploads\/2013\/05\/014-presse-VillageInfo28-StLubin-21avr10.jpg'><img loading=\"lazy\" decoding=\"async\" width=\"150\" height=\"150\" src=\"https:\/\/www.lesventsdanches.fr\/wp-content\/uploads\/2013\/05\/014-presse-VillageInfo28-StLubin-21avr10-150x150.jpg\" class=\"attachment-thumbnail size-thumbnail\" alt=\"21 avril 2010 - Saint-Lubin - Villages Infos L&#039;Hebdo\" aria-describedby=\"gallery-1-407\" \/><\/a>\n\t\t\t<\/dt>\n\t\t\t\t<dd class='wp-caption-text gallery-caption' id='gallery-1-407'>\n\t\t\t\t21 avril 2010\n\t\t\t\t<\/dd><\/dl><dl class='gallery-item'>\n\t\t\t<dt class='gallery-icon portrait'>\n\t\t\t\t<a href='https:\/\/www.lesventsdanches.fr\/wp-content\/uploads\/2013\/05\/013-presse-VillageInfo28-Chapelle-Forainvilliers-22juin09.jpg'><img loading=\"lazy\" decoding=\"async\" width=\"150\" height=\"150\" src=\"https:\/\/www.lesventsdanches.fr\/wp-content\/uploads\/2013\/05\/013-presse-VillageInfo28-Chapelle-Forainvilliers-22juin09-150x150.jpg\" class=\"attachment-thumbnail size-thumbnail\" alt=\"22 juin 2009 - Chapelle-Forainvilliers - Villages Infos L&#039;Hebdo\" aria-describedby=\"gallery-1-406\" \/><\/a>\n\t\t\t<\/dt>\n\t\t\t\t<dd class='wp-caption-text gallery-caption' id='gallery-1-406'>\n\t\t\t\t22 juin 2009\n\t\t\t\t<\/dd><\/dl><dl class='gallery-item'>\n\t\t\t<dt class='gallery-icon portrait'>\n\t\t\t\t<a href='https:\/\/www.lesventsdanches.fr\/wp-content\/uploads\/2013\/05\/012-presse-R\u00e9pCentre-Ecluzelles-7juin08.jpg'><img loading=\"lazy\" decoding=\"async\" width=\"150\" height=\"150\" src=\"https:\/\/www.lesventsdanches.fr\/wp-content\/uploads\/2013\/05\/012-presse-R\u00e9pCentre-Ecluzelles-7juin08-150x150.jpg\" class=\"attachment-thumbnail size-thumbnail\" alt=\"7 juin 2008 - Ecluzelles - R\u00e9publique du Centre\" aria-describedby=\"gallery-1-405\" \/><\/a>\n\t\t\t<\/dt>\n\t\t\t\t<dd class='wp-caption-text gallery-caption' id='gallery-1-405'>\n\t\t\t\t7 juin 2008\n\t\t\t\t<\/dd><\/dl><br style=\"clear: both\" \/><dl class='gallery-item'>\n\t\t\t<dt class='gallery-icon portrait'>\n\t\t\t\t<a href='https:\/\/www.lesventsdanches.fr\/wp-content\/uploads\/2013\/05\/011d-presse-LaD\u00e9p\u00eache-Nuit-des-Mus\u00e9es-Couture-Boussey-17mai08.jpg'><img loading=\"lazy\" decoding=\"async\" width=\"150\" height=\"150\" src=\"https:\/\/www.lesventsdanches.fr\/wp-content\/uploads\/2013\/05\/011d-presse-LaD\u00e9p\u00eache-Nuit-des-Mus\u00e9es-Couture-Boussey-17mai08-150x150.jpg\" class=\"attachment-thumbnail size-thumbnail\" alt=\"17 mai 2008 - La Couture-Boussey - La Nuit des Mus\u00e9es - La D\u00e9p\u00eache\" aria-describedby=\"gallery-1-404\" \/><\/a>\n\t\t\t<\/dt>\n\t\t\t\t<dd class='wp-caption-text gallery-caption' id='gallery-1-404'>\n\t\t\t\t17 mai 2008\n\t\t\t\t<\/dd><\/dl><dl class='gallery-item'>\n\t\t\t<dt class='gallery-icon portrait'>\n\t\t\t\t<a href='https:\/\/www.lesventsdanches.fr\/wp-content\/uploads\/2013\/05\/011c-presse-LAction-Nuit-des-Mus\u00e9es-Couture-Boussey-17mai08.jpg'><img loading=\"lazy\" decoding=\"async\" width=\"150\" height=\"150\" src=\"https:\/\/www.lesventsdanches.fr\/wp-content\/uploads\/2013\/05\/011c-presse-LAction-Nuit-des-Mus\u00e9es-Couture-Boussey-17mai08-150x150.jpg\" class=\"attachment-thumbnail size-thumbnail\" alt=\"17 mai 2008 - La Couture-Boussey - La Nuit des Mus\u00e9es - L&#039;Action\" aria-describedby=\"gallery-1-403\" \/><\/a>\n\t\t\t<\/dt>\n\t\t\t\t<dd class='wp-caption-text gallery-caption' id='gallery-1-403'>\n\t\t\t\t17 mai 2008\n\t\t\t\t<\/dd><\/dl><dl class='gallery-item'>\n\t\t\t<dt class='gallery-icon portrait'>\n\t\t\t\t<a href='https:\/\/www.lesventsdanches.fr\/wp-content\/uploads\/2013\/05\/011b-presse-L\u00e9cho-Nuit-des-Mus\u00e9es-Couture-Boussey-17mai08.jpg'><img loading=\"lazy\" decoding=\"async\" width=\"150\" height=\"150\" src=\"https:\/\/www.lesventsdanches.fr\/wp-content\/uploads\/2013\/05\/011b-presse-L\u00e9cho-Nuit-des-Mus\u00e9es-Couture-Boussey-17mai08-150x150.jpg\" class=\"attachment-thumbnail size-thumbnail\" alt=\"17 mai 2008 - La Couture-Boussey - Concert en \u00e9glise - La Nuit des Mus\u00e9es - L&#039;Echo\" aria-describedby=\"gallery-1-402\" \/><\/a>\n\t\t\t<\/dt>\n\t\t\t\t<dd class='wp-caption-text gallery-caption' id='gallery-1-402'>\n\t\t\t\t17 mai 2008\n\t\t\t\t<\/dd><\/dl><br style=\"clear: both\" \/><dl class='gallery-item'>\n\t\t\t<dt class='gallery-icon portrait'>\n\t\t\t\t<a href='https:\/\/www.lesventsdanches.fr\/wp-content\/uploads\/2013\/05\/011a-presse-R\u00e9pCentre-Nuit-des-Mus\u00e9es-Ecole-Couture-Boussey-17mai08.jpg'><img loading=\"lazy\" decoding=\"async\" width=\"150\" height=\"150\" src=\"https:\/\/www.lesventsdanches.fr\/wp-content\/uploads\/2013\/05\/011a-presse-R\u00e9pCentre-Nuit-des-Mus\u00e9es-Ecole-Couture-Boussey-17mai08-150x150.jpg\" class=\"attachment-thumbnail size-thumbnail\" alt=\"17 mai 2008 - La Couture-Boussey - Initiation en \u00e9cole primaire - La Nuit des Mus\u00e9es - R\u00e9publique du Centre\" aria-describedby=\"gallery-1-401\" \/><\/a>\n\t\t\t<\/dt>\n\t\t\t\t<dd class='wp-caption-text gallery-caption' id='gallery-1-401'>\n\t\t\t\t17 mai 2008\n\t\t\t\t<\/dd><\/dl><dl class='gallery-item'>\n\t\t\t<dt class='gallery-icon portrait'>\n\t\t\t\t<a href='https:\/\/www.lesventsdanches.fr\/wp-content\/uploads\/2013\/05\/010b-presse-Gazette-Ecluzelles-9juin07.jpg'><img loading=\"lazy\" decoding=\"async\" width=\"150\" height=\"150\" src=\"https:\/\/www.lesventsdanches.fr\/wp-content\/uploads\/2013\/05\/010b-presse-Gazette-Ecluzelles-9juin07-150x150.jpg\" class=\"attachment-thumbnail size-thumbnail\" alt=\"9 juin 2007 - Ecluzelles - Concert\" aria-describedby=\"gallery-1-400\" \/><\/a>\n\t\t\t<\/dt>\n\t\t\t\t<dd class='wp-caption-text gallery-caption' id='gallery-1-400'>\n\t\t\t\t9 juin 2007\n\t\t\t\t<\/dd><\/dl><dl class='gallery-item'>\n\t\t\t<dt class='gallery-icon portrait'>\n\t\t\t\t<a href='https:\/\/www.lesventsdanches.fr\/wp-content\/uploads\/2013\/05\/010a-presse-Ecluzelles-9juin07.jpg'><img loading=\"lazy\" decoding=\"async\" width=\"150\" height=\"150\" src=\"https:\/\/www.lesventsdanches.fr\/wp-content\/uploads\/2013\/05\/010a-presse-Ecluzelles-9juin07-150x150.jpg\" class=\"attachment-thumbnail size-thumbnail\" alt=\"9 juin 2007 - Ecluzelles - Concert\" aria-describedby=\"gallery-1-399\" \/><\/a>\n\t\t\t<\/dt>\n\t\t\t\t<dd class='wp-caption-text gallery-caption' id='gallery-1-399'>\n\t\t\t\t9 juin 2007\n\t\t\t\t<\/dd><\/dl><br style=\"clear: both\" \/><dl class='gallery-item'>\n\t\t\t<dt class='gallery-icon landscape'>\n\t\t\t\t<a href='https:\/\/www.lesventsdanches.fr\/wp-content\/uploads\/2013\/05\/009b-plaquette-Jumelage-Dreux-21sept07.jpg'><img loading=\"lazy\" decoding=\"async\" width=\"150\" height=\"150\" src=\"https:\/\/www.lesventsdanches.fr\/wp-content\/uploads\/2013\/05\/009b-plaquette-Jumelage-Dreux-21sept07-150x150.jpg\" class=\"attachment-thumbnail size-thumbnail\" alt=\"21 septembre 2007 - Jumelage Ville de Dreux - Plaquette\" aria-describedby=\"gallery-1-398\" srcset=\"https:\/\/www.lesventsdanches.fr\/wp-content\/uploads\/2013\/05\/009b-plaquette-Jumelage-Dreux-21sept07-150x150.jpg 150w, https:\/\/www.lesventsdanches.fr\/wp-content\/uploads\/2013\/05\/009b-plaquette-Jumelage-Dreux-21sept07-300x300.jpg 300w, https:\/\/www.lesventsdanches.fr\/wp-content\/uploads\/2013\/05\/009b-plaquette-Jumelage-Dreux-21sept07.jpg 600w\" sizes=\"auto, (max-width: 150px) 100vw, 150px\" \/><\/a>\n\t\t\t<\/dt>\n\t\t\t\t<dd class='wp-caption-text gallery-caption' id='gallery-1-398'>\n\t\t\t\t21 septembre 2007\n\t\t\t\t<\/dd><\/dl><dl class='gallery-item'>\n\t\t\t<dt class='gallery-icon portrait'>\n\t\t\t\t<a href='https:\/\/www.lesventsdanches.fr\/wp-content\/uploads\/2013\/05\/009a-plaquette-Week-end-clarinettes-27-28janv07-Montigny-l\u00e8s-Cormeilles.jpg'><img loading=\"lazy\" decoding=\"async\" width=\"150\" height=\"150\" src=\"https:\/\/www.lesventsdanches.fr\/wp-content\/uploads\/2013\/05\/009a-plaquette-Week-end-clarinettes-27-28janv07-Montigny-l\u00e8s-Cormeilles-150x150.jpg\" class=\"attachment-thumbnail size-thumbnail\" alt=\"27 et 28 janvier 2007 - Montigny-l\u00e8s-Cormeilles - Plaquette &quot;Week-end de clarinettes&quot;.\" aria-describedby=\"gallery-1-397\" \/><\/a>\n\t\t\t<\/dt>\n\t\t\t\t<dd class='wp-caption-text gallery-caption' id='gallery-1-397'>\n\t\t\t\t27 et 28 janvier 2007\n\t\t\t\t<\/dd><\/dl><dl class='gallery-item'>\n\t\t\t<dt class='gallery-icon portrait'>\n\t\t\t\t<a href='https:\/\/www.lesventsdanches.fr\/wp-content\/uploads\/2013\/05\/008-presse-Cond\u00e9-sur-Vesgre-29sept06.jpg'><img loading=\"lazy\" decoding=\"async\" width=\"150\" height=\"150\" src=\"https:\/\/www.lesventsdanches.fr\/wp-content\/uploads\/2013\/05\/008-presse-Cond\u00e9-sur-Vesgre-29sept06-150x150.jpg\" class=\"attachment-thumbnail size-thumbnail\" alt=\"29 septembre 2006 - Cond\u00e9-sur-Vesgre\" aria-describedby=\"gallery-1-396\" \/><\/a>\n\t\t\t<\/dt>\n\t\t\t\t<dd class='wp-caption-text gallery-caption' id='gallery-1-396'>\n\t\t\t\t29 septembre 2006\n\t\t\t\t<\/dd><\/dl><br style=\"clear: both\" \/><dl class='gallery-item'>\n\t\t\t<dt class='gallery-icon portrait'>\n\t\t\t\t<a href='https:\/\/www.lesventsdanches.fr\/wp-content\/uploads\/2013\/05\/007-presse-LAction-Cr\u00e9cy-Couv\u00e9-Juin06.jpg'><img loading=\"lazy\" decoding=\"async\" width=\"150\" height=\"150\" src=\"https:\/\/www.lesventsdanches.fr\/wp-content\/uploads\/2013\/05\/007-presse-LAction-Cr\u00e9cy-Couv\u00e9-Juin06-150x150.jpg\" class=\"attachment-thumbnail size-thumbnail\" alt=\"Juin 2006 - Cr\u00e9cy-Couv\u00e9 - L&#039;Action\" aria-describedby=\"gallery-1-395\" \/><\/a>\n\t\t\t<\/dt>\n\t\t\t\t<dd class='wp-caption-text gallery-caption' id='gallery-1-395'>\n\t\t\t\tJuin 2006\n\t\t\t\t<\/dd><\/dl><dl class='gallery-item'>\n\t\t\t<dt class='gallery-icon landscape'>\n\t\t\t\t<a href='https:\/\/www.lesventsdanches.fr\/wp-content\/uploads\/2013\/05\/006-presse-Ivry-la-Bataille-5oct05.jpg'><img loading=\"lazy\" decoding=\"async\" width=\"150\" height=\"150\" src=\"https:\/\/www.lesventsdanches.fr\/wp-content\/uploads\/2013\/05\/006-presse-Ivry-la-Bataille-5oct05-150x150.jpg\" class=\"attachment-thumbnail size-thumbnail\" alt=\"5 octobre 2005 - Ivry-la-Bataille - Concert en \u00e9glise\" aria-describedby=\"gallery-1-394\" \/><\/a>\n\t\t\t<\/dt>\n\t\t\t\t<dd class='wp-caption-text gallery-caption' id='gallery-1-394'>\n\t\t\t\t5 octobre 2005\n\t\t\t\t<\/dd><\/dl><dl class='gallery-item'>\n\t\t\t<dt class='gallery-icon landscape'>\n\t\t\t\t<a href='https:\/\/www.lesventsdanches.fr\/wp-content\/uploads\/2013\/05\/005b-presse-Crucey-Village-21mai05.jpg'><img loading=\"lazy\" decoding=\"async\" width=\"150\" height=\"150\" src=\"https:\/\/www.lesventsdanches.fr\/wp-content\/uploads\/2013\/05\/005b-presse-Crucey-Village-21mai05-150x150.jpg\" class=\"attachment-thumbnail size-thumbnail\" alt=\"21 mai 2005 - Crucey-Village\" aria-describedby=\"gallery-1-393\" \/><\/a>\n\t\t\t<\/dt>\n\t\t\t\t<dd class='wp-caption-text gallery-caption' id='gallery-1-393'>\n\t\t\t\t21 mai 2005\n\t\t\t\t<\/dd><\/dl><br style=\"clear: both\" \/><dl class='gallery-item'>\n\t\t\t<dt class='gallery-icon portrait'>\n\t\t\t\t<a href='https:\/\/www.lesventsdanches.fr\/wp-content\/uploads\/2013\/05\/005a-presse-Crucey-Village-21mai05.jpg'><img loading=\"lazy\" decoding=\"async\" width=\"150\" height=\"150\" src=\"https:\/\/www.lesventsdanches.fr\/wp-content\/uploads\/2013\/05\/005a-presse-Crucey-Village-21mai05-150x150.jpg\" class=\"attachment-thumbnail size-thumbnail\" alt=\"21 mai 2005 - Crucey-Village\" aria-describedby=\"gallery-1-392\" \/><\/a>\n\t\t\t<\/dt>\n\t\t\t\t<dd class='wp-caption-text gallery-caption' id='gallery-1-392'>\n\t\t\t\t21 mai 2005\n\t\t\t\t<\/dd><\/dl><dl class='gallery-item'>\n\t\t\t<dt class='gallery-icon landscape'>\n\t\t\t\t<a href='https:\/\/www.lesventsdanches.fr\/wp-content\/uploads\/2013\/05\/004-presse-Expo-Photos-Couture-9mai05.jpg'><img loading=\"lazy\" decoding=\"async\" width=\"150\" height=\"150\" src=\"https:\/\/www.lesventsdanches.fr\/wp-content\/uploads\/2013\/05\/004-presse-Expo-Photos-Couture-9mai05-150x150.jpg\" class=\"attachment-thumbnail size-thumbnail\" alt=\"9 mai 2005 - La Couture Boussey - Exposition photographies\" aria-describedby=\"gallery-1-391\" \/><\/a>\n\t\t\t<\/dt>\n\t\t\t\t<dd class='wp-caption-text gallery-caption' id='gallery-1-391'>\n\t\t\t\t9 mai 2005\n\t\t\t\t<\/dd><\/dl><dl class='gallery-item'>\n\t\t\t<dt class='gallery-icon landscape'>\n\t\t\t\t<a href='https:\/\/www.lesventsdanches.fr\/wp-content\/uploads\/2013\/05\/003-presse-Ch\u00e2teauneuf-en-Thymerais-2mai05.jpg'><img loading=\"lazy\" decoding=\"async\" width=\"150\" height=\"150\" src=\"https:\/\/www.lesventsdanches.fr\/wp-content\/uploads\/2013\/05\/003-presse-Ch\u00e2teauneuf-en-Thymerais-2mai05-150x150.jpg\" class=\"attachment-thumbnail size-thumbnail\" alt=\"2 mai 2005 - Ch\u00e2teauneuf-en-Thymerais\" aria-describedby=\"gallery-1-390\" \/><\/a>\n\t\t\t<\/dt>\n\t\t\t\t<dd class='wp-caption-text gallery-caption' id='gallery-1-390'>\n\t\t\t\t2 mai 2005\n\t\t\t\t<\/dd><\/dl><br style=\"clear: both\" \/><dl class='gallery-item'>\n\t\t\t<dt class='gallery-icon portrait'>\n\t\t\t\t<a href='https:\/\/www.lesventsdanches.fr\/wp-content\/uploads\/2013\/05\/002-presse-Rouvres-R\u00e9pCentre-11avr05.jpg'><img loading=\"lazy\" decoding=\"async\" width=\"150\" height=\"150\" src=\"https:\/\/www.lesventsdanches.fr\/wp-content\/uploads\/2013\/05\/002-presse-Rouvres-R\u00e9pCentre-11avr05-150x150.jpg\" class=\"attachment-thumbnail size-thumbnail\" alt=\"11 avril 2005 - Rouvres - R\u00e9publique du Centre\" aria-describedby=\"gallery-1-389\" \/><\/a>\n\t\t\t<\/dt>\n\t\t\t\t<dd class='wp-caption-text gallery-caption' id='gallery-1-389'>\n\t\t\t\t11 avril 2005\n\t\t\t\t<\/dd><\/dl>\n\t\t\t<br style='clear: both' \/>\n\t\t<\/div>\n\n<p style=\"text-align: justify;\">Vous trouverez ci-dessous quelques affiches et une<strong><span style=\"color: #663366;\"> revue\u00a0de\u00a0presse<\/span><\/strong>\u00a0reprenant l&rsquo;actualit\u00e9\u00a0de notre\u00a0ensemble\u00a0de\u00a0clarinettes (concerts, \u00e9v\u00e9nements, diverses participations, etc).<\/p>\n<div id=\"wp_fb_like_button\" style=\"margin:5px 5px 5px 0;float:left;height:100px;\"><script src=\"http:\/\/connect.facebook.net\/en_US\/all.js#xfbml=1\"><\/script><fb:like href=\"https:\/\/www.lesventsdanches.fr\/ensemble-de-clarinettes\/revue-de-presse\/\" send=\"true\" layout=\"standard\" width=\"400\" show_faces=\"false\" font=\"arial\" action=\"like\" colorscheme=\"light\"><\/fb:like><\/div>","protected":false},"excerpt":{"rendered":"<p>Vous trouverez ci-dessous quelques affiches et une revue\u00a0de\u00a0presse\u00a0reprenant l&rsquo;actualit\u00e9\u00a0de notre\u00a0ensemble\u00a0de\u00a0clarinettes (concerts, \u00e9v\u00e9nements, diverses participations, etc).<\/p>\n","protected":false},"author":2,"featured_media":0,"parent":0,"menu_order":0,"comment_status":"closed","ping_status":"open","template":"","meta":{"jetpack_post_was_ever_published":false,"footnotes":""},"class_list":["post-52","page","type-page","status-publish","hentry"],"yoast_head":"<!-- This site is optimized with the Yoast SEO plugin v22.1 - https:\/\/yoast.com\/wordpress\/plugins\/seo\/ -->\n<title>Revue de presse - Les Vents d&#039;Anches<\/title>\n<meta name=\"description\" content=\"Revue de presse reprenant l&#039;actualit\u00e9 de l&#039;ensemble de clarinettes &quot;Les Vents d&#039;Anches&quot;.\" \/>\n<meta name=\"robots\" content=\"index, follow, max-snippet:-1, max-image-preview:large, max-video-preview:-1\" \/>\n<link rel=\"canonical\" href=\"http:\/\/www.lesventsdanches.fr\/ensemble-de-clarinettes\/revue-de-presse\/\" \/>\n<meta property=\"og:locale\" content=\"fr_FR\" \/>\n<meta property=\"og:type\" content=\"article\" \/>\n<meta property=\"og:title\" content=\"Revue de presse - Les Vents d&#039;Anches\" \/>\n<meta property=\"og:description\" content=\"Revue de presse reprenant l&#039;actualit\u00e9 de l&#039;ensemble de clarinettes &quot;Les Vents d&#039;Anches&quot;.\" \/>\n<meta property=\"og:url\" content=\"http:\/\/www.lesventsdanches.fr\/ensemble-de-clarinettes\/revue-de-presse\/\" \/>\n<meta property=\"og:site_name\" content=\"Les Vents d&#039;Anches\" \/>\n<meta property=\"article:modified_time\" content=\"2023-10-12T08:45:11+00:00\" \/>\n<meta property=\"og:image\" content=\"http:\/\/www.lesventsdanches.fr\/wp-content\/uploads\/2023\/10\/Affiche-concert-espagnol-clarinettes-muzycales-muzy-20-octobre-2023-150x150.jpg\" \/>\n<script type=\"application\/ld+json\" class=\"yoast-schema-graph\">{\"@context\":\"https:\/\/schema.org\",\"@graph\":[{\"@type\":\"WebPage\",\"@id\":\"http:\/\/www.lesventsdanches.fr\/ensemble-de-clarinettes\/revue-de-presse\/\",\"url\":\"http:\/\/www.lesventsdanches.fr\/ensemble-de-clarinettes\/revue-de-presse\/\",\"name\":\"Revue de presse - Les Vents d&#039;Anches\",\"isPartOf\":{\"@id\":\"http:\/\/www.lesventsdanches.fr\/ensemble-de-clarinettes\/#website\"},\"datePublished\":\"2013-05-21T16:45:54+00:00\",\"dateModified\":\"2023-10-12T08:45:11+00:00\",\"description\":\"Revue de presse reprenant l'actualit\u00e9 de l'ensemble de clarinettes \\\"Les Vents d'Anches\\\".\",\"breadcrumb\":{\"@id\":\"http:\/\/www.lesventsdanches.fr\/ensemble-de-clarinettes\/revue-de-presse\/#breadcrumb\"},\"inLanguage\":\"fr-FR\",\"potentialAction\":[{\"@type\":\"ReadAction\",\"target\":[\"http:\/\/www.lesventsdanches.fr\/ensemble-de-clarinettes\/revue-de-presse\/\"]}]},{\"@type\":\"BreadcrumbList\",\"@id\":\"http:\/\/www.lesventsdanches.fr\/ensemble-de-clarinettes\/revue-de-presse\/#breadcrumb\",\"itemListElement\":[{\"@type\":\"ListItem\",\"position\":1,\"name\":\"Accueil\",\"item\":\"http:\/\/www.lesventsdanches.fr\/ensemble-de-clarinettes\/\"},{\"@type\":\"ListItem\",\"position\":2,\"name\":\"Revue de presse\"}]},{\"@type\":\"WebSite\",\"@id\":\"http:\/\/www.lesventsdanches.fr\/ensemble-de-clarinettes\/#website\",\"url\":\"http:\/\/www.lesventsdanches.fr\/ensemble-de-clarinettes\/\",\"name\":\"Les Vents d&#039;Anches\",\"description\":\"Ensemble de clarinettes\",\"potentialAction\":[{\"@type\":\"SearchAction\",\"target\":{\"@type\":\"EntryPoint\",\"urlTemplate\":\"http:\/\/www.lesventsdanches.fr\/ensemble-de-clarinettes\/?s={search_term_string}\"},\"query-input\":\"required name=search_term_string\"}],\"inLanguage\":\"fr-FR\"}]}<\/script>\n<!-- \/ Yoast SEO plugin. -->","yoast_head_json":{"title":"Revue de presse - Les Vents d&#039;Anches","description":"Revue de presse reprenant l'actualit\u00e9 de l'ensemble de clarinettes \"Les Vents d'Anches\".","robots":{"index":"index","follow":"follow","max-snippet":"max-snippet:-1","max-image-preview":"max-image-preview:large","max-video-preview":"max-video-preview:-1"},"canonical":"http:\/\/www.lesventsdanches.fr\/ensemble-de-clarinettes\/revue-de-presse\/","og_locale":"fr_FR","og_type":"article","og_title":"Revue de presse - Les Vents d&#039;Anches","og_description":"Revue de presse reprenant l'actualit\u00e9 de l'ensemble de clarinettes \"Les Vents d'Anches\".","og_url":"http:\/\/www.lesventsdanches.fr\/ensemble-de-clarinettes\/revue-de-presse\/","og_site_name":"Les Vents d&#039;Anches","article_modified_time":"2023-10-12T08:45:11+00:00","og_image":[{"url":"http:\/\/www.lesventsdanches.fr\/wp-content\/uploads\/2023\/10\/Affiche-concert-espagnol-clarinettes-muzycales-muzy-20-octobre-2023-150x150.jpg"}],"schema":{"@context":"https:\/\/schema.org","@graph":[{"@type":"WebPage","@id":"http:\/\/www.lesventsdanches.fr\/ensemble-de-clarinettes\/revue-de-presse\/","url":"http:\/\/www.lesventsdanches.fr\/ensemble-de-clarinettes\/revue-de-presse\/","name":"Revue de presse - Les Vents d&#039;Anches","isPartOf":{"@id":"http:\/\/www.lesventsdanches.fr\/ensemble-de-clarinettes\/#website"},"datePublished":"2013-05-21T16:45:54+00:00","dateModified":"2023-10-12T08:45:11+00:00","description":"Revue de presse reprenant l'actualit\u00e9 de l'ensemble de clarinettes \"Les Vents d'Anches\".","breadcrumb":{"@id":"http:\/\/www.lesventsdanches.fr\/ensemble-de-clarinettes\/revue-de-presse\/#breadcrumb"},"inLanguage":"fr-FR","potentialAction":[{"@type":"ReadAction","target":["http:\/\/www.lesventsdanches.fr\/ensemble-de-clarinettes\/revue-de-presse\/"]}]},{"@type":"BreadcrumbList","@id":"http:\/\/www.lesventsdanches.fr\/ensemble-de-clarinettes\/revue-de-presse\/#breadcrumb","itemListElement":[{"@type":"ListItem","position":1,"name":"Accueil","item":"http:\/\/www.lesventsdanches.fr\/ensemble-de-clarinettes\/"},{"@type":"ListItem","position":2,"name":"Revue de presse"}]},{"@type":"WebSite","@id":"http:\/\/www.lesventsdanches.fr\/ensemble-de-clarinettes\/#website","url":"http:\/\/www.lesventsdanches.fr\/ensemble-de-clarinettes\/","name":"Les Vents d&#039;Anches","description":"Ensemble de clarinettes","potentialAction":[{"@type":"SearchAction","target":{"@type":"EntryPoint","urlTemplate":"http:\/\/www.lesventsdanches.fr\/ensemble-de-clarinettes\/?s={search_term_string}"},"query-input":"required name=search_term_string"}],"inLanguage":"fr-FR"}]}},"jetpack_sharing_enabled":true,"jetpack_shortlink":"https:\/\/wp.me\/P8bxUG-Q","_links":{"self":[{"href":"https:\/\/www.lesventsdanches.fr\/ensemble-de-clarinettes\/wp-json\/wp\/v2\/pages\/52","targetHints":{"allow":["GET"]}}],"collection":[{"href":"https:\/\/www.lesventsdanches.fr\/ensemble-de-clarinettes\/wp-json\/wp\/v2\/pages"}],"about":[{"href":"https:\/\/www.lesventsdanches.fr\/ensemble-de-clarinettes\/wp-json\/wp\/v2\/types\/page"}],"author":[{"embeddable":true,"href":"https:\/\/www.lesventsdanches.fr\/ensemble-de-clarinettes\/wp-json\/wp\/v2\/users\/2"}],"replies":[{"embeddable":true,"href":"https:\/\/www.lesventsdanches.fr\/ensemble-de-clarinettes\/wp-json\/wp\/v2\/comments?post=52"}],"version-history":[{"count":57,"href":"https:\/\/www.lesventsdanches.fr\/ensemble-de-clarinettes\/wp-json\/wp\/v2\/pages\/52\/revisions"}],"predecessor-version":[{"id":1154,"href":"https:\/\/www.lesventsdanches.fr\/ensemble-de-clarinettes\/wp-json\/wp\/v2\/pages\/52\/revisions\/1154"}],"wp:attachment":[{"href":"https:\/\/www.lesventsdanches.fr\/ensemble-de-clarinettes\/wp-json\/wp\/v2\/media?parent=52"}],"curies":[{"name":"wp","href":"https:\/\/api.w.org\/{rel}","templated":true}]}}