{"id":80,"date":"2013-05-22T13:22:08","date_gmt":"2013-05-22T12:22:08","guid":{"rendered":"http:\/\/www.lesventsdanches.fr\/?page_id=80"},"modified":"2024-03-04T17:58:12","modified_gmt":"2024-03-04T16:58:12","slug":"contact","status":"publish","type":"page","link":"http:\/\/www.lesventsdanches.fr\/ensemble-de-clarinettes\/contact\/","title":{"rendered":"Contact !"},"content":{"rendered":"\n<p class=\"has-text-align-center\"><span style=\"word-spacing: 6px;\"><span style=\"color: #663366;\">Vous avez des questions ? Vous souhaitez organiser un concert ? Vous recherchez une animation musicale ? Faites-nous part de vos besoins ! N\u2019h\u00e9sitez-pas \u00e0 nous envoyer vos messages !<\/span><br><\/span><wp-block data-block=\"core\/nextpage\"><\/wp-block><\/p>\n\n\n\n<div class=\"wp-block-columns is-layout-flex wp-container-core-columns-is-layout-9d6595d7 wp-block-columns-is-layout-flex\">\n<div class=\"wp-block-column is-layout-flow wp-block-column-is-layout-flow\">\n<p><strong><span style=\"text-decoration: underline; color: #99cc33;\"><span style=\"text-decoration: underline;\">Nos coordonn\u00e9es compl\u00e8tes<\/span><span style=\"line-height: 1.714285714; font-size: 1rem;\"> :<\/span><\/span><\/strong><\/p>\n\n\n\n<p><strong>E-mail:<\/strong>&nbsp;infos@lesventsdanches.fr<\/p>\n\n\n\n<p><strong>Adresse postale:<\/strong>&nbsp;<em>chez<\/em>&nbsp;Laurent Barrier (Pr\u00e9sident de l\u2019association)<\/p>\n\n\n\n<p><em id=\"__mceDel\">3 Rue de l\u2019Abb\u00e9 TEXIER<br>28100 DREUX<br>T\u00e9l. 06 52 27 05 30<\/em><\/p>\n\n\n\n<p><em id=\"__mceDel\"><a href=\"http:\/\/www.facebook.com\/lesventsdanches\" target=\"_blank\" rel=\"noopener\"><img loading=\"lazy\" decoding=\"async\" title=\"Les Vents d'Anches sur Facebook\" width=\"29\" height=\"29\" class=\"alignnone  wp-image-380\" src=\"http:\/\/www.lesventsdanches.fr\/wp-content\/uploads\/2013\/05\/FB-f-Logo__blue_29.png\" alt=\"animation clarinettes\"><\/a>\u00a0Suivez \u00e9galement toute l\u2019actualit\u00e9 des Vents d\u2019Anches sur Facebook :\u00a0<a title=\"http:\/\/www.facebook.com\/lesventsdanches\" href=\"http:\/\/www.facebook.com\/lesventsdanches\" target=\"_blank\" rel=\"noopener\">http:\/\/www.facebook.com\/lesventsdanches<\/a><\/em><\/p>\n<\/div>\n\n\n\n<div class=\"wp-block-column is-layout-flow wp-block-column-is-layout-flow\">\n<p><span style=\"word-spacing: 6px;\">\n<div class=\"wpcf7 no-js\" id=\"wpcf7-f4-o1\" lang=\"en-US\" dir=\"ltr\">\n<div class=\"screen-reader-response\"><p role=\"status\" aria-live=\"polite\" aria-atomic=\"true\"><\/p> <ul><\/ul><\/div>\n<form action=\"\/ensemble-de-clarinettes\/wp-json\/wp\/v2\/pages\/80#wpcf7-f4-o1\" method=\"post\" class=\"wpcf7-form init\" aria-label=\"Contact form\" novalidate=\"novalidate\" data-status=\"init\">\n<div style=\"display: none;\">\n<input type=\"hidden\" name=\"_wpcf7\" value=\"4\" \/>\n<input type=\"hidden\" name=\"_wpcf7_version\" value=\"5.9\" \/>\n<input type=\"hidden\" name=\"_wpcf7_locale\" value=\"en_US\" \/>\n<input type=\"hidden\" name=\"_wpcf7_unit_tag\" value=\"wpcf7-f4-o1\" \/>\n<input type=\"hidden\" name=\"_wpcf7_container_post\" value=\"0\" \/>\n<input type=\"hidden\" name=\"_wpcf7_posted_data_hash\" value=\"\" \/>\n<\/div>\n<p>Votre nom (obligatoire)\n<\/p>\n<p><span class=\"wpcf7-form-control-wrap\" data-name=\"your-name\"><input size=\"40\" class=\"wpcf7-form-control wpcf7-text wpcf7-validates-as-required\" aria-required=\"true\" aria-invalid=\"false\" value=\"\" type=\"text\" name=\"your-name\" \/><\/span>\n<\/p>\n<p>Votre email (obligatoire)\n<\/p>\n<p><span class=\"wpcf7-form-control-wrap\" data-name=\"your-email\"><input size=\"40\" class=\"wpcf7-form-control wpcf7-email wpcf7-validates-as-required wpcf7-text wpcf7-validates-as-email\" aria-required=\"true\" aria-invalid=\"false\" value=\"\" type=\"email\" name=\"your-email\" \/><\/span>\n<\/p>\n<p>Sujet\n<\/p>\n<p><span class=\"wpcf7-form-control-wrap\" data-name=\"your-subject\"><input size=\"40\" class=\"wpcf7-form-control wpcf7-text\" aria-invalid=\"false\" value=\"\" type=\"text\" name=\"your-subject\" \/><\/span>\n<\/p>\n<p>Votre message\n<\/p>\n<p><span class=\"wpcf7-form-control-wrap\" data-name=\"your-message\"><textarea cols=\"40\" rows=\"10\" class=\"wpcf7-form-control wpcf7-textarea\" aria-invalid=\"false\" name=\"your-message\"><\/textarea><\/span>\n<\/p>\n<p><input class=\"wpcf7-form-control wpcf7-submit has-spinner\" type=\"submit\" value=\"Envoyer\" \/>\n<\/p><p style=\"display: none !important;\" class=\"akismet-fields-container\" data-prefix=\"_wpcf7_ak_\"><label>&#916;<textarea name=\"_wpcf7_ak_hp_textarea\" cols=\"45\" rows=\"8\" maxlength=\"100\"><\/textarea><\/label><input type=\"hidden\" id=\"ak_js_1\" name=\"_wpcf7_ak_js\" value=\"235\"\/><script>document.getElementById( \"ak_js_1\" ).setAttribute( \"value\", ( new Date() ).getTime() );<\/script><\/p><div class=\"wpcf7-response-output\" aria-hidden=\"true\"><\/div>\n<\/form>\n<\/div>\n<\/span><\/p>\n<\/div>\n<\/div>\n<div id=\"wp_fb_like_button\" style=\"margin:5px 5px 5px 0;float:left;height:100px;\"><script src=\"http:\/\/connect.facebook.net\/en_US\/all.js#xfbml=1\"><\/script><fb:like href=\"http:\/\/www.lesventsdanches.fr\/ensemble-de-clarinettes\/contact\/\" send=\"true\" layout=\"standard\" width=\"400\" show_faces=\"false\" font=\"arial\" action=\"like\" colorscheme=\"light\"><\/fb:like><\/div>","protected":false},"excerpt":{"rendered":"<p>Vous avez des questions ? Vous souhaitez organiser un concert ? Vous recherchez une animation musicale ? Faites-nous part de vos besoins ! N\u2019h\u00e9sitez-pas \u00e0 nous envoyer vos messages ! Nos coordonn\u00e9es compl\u00e8tes : E-mail:&nbsp;infos@lesventsdanches.fr Adresse postale:&nbsp;chez&nbsp;Laurent Barrier (Pr\u00e9sident de l\u2019association) 3 Rue de l\u2019Abb\u00e9 TEXIER28100 DREUXT\u00e9l. 06 52 27 05 30 \u00a0Suivez \u00e9galement toute [&hellip;]<\/p>\n","protected":false},"author":2,"featured_media":0,"parent":0,"menu_order":0,"comment_status":"closed","ping_status":"open","template":"page-templates\/full-width.php","meta":{"jetpack_post_was_ever_published":false,"footnotes":""},"class_list":["post-80","page","type-page","status-publish","hentry"],"yoast_head":"<!-- This site is optimized with the Yoast SEO plugin v22.1 - https:\/\/yoast.com\/wordpress\/plugins\/seo\/ -->\n<title>Contact ! - Les Vents d&#039;Anches<\/title>\n<meta name=\"description\" content=\"Vous souhaitez organiser un concert ? Vous recherchez une animation musicale ? Contact - Ensemble de clarinettes &quot;Les Vents d&#039;Anches&quot;.\" \/>\n<meta name=\"robots\" content=\"index, follow, max-snippet:-1, max-image-preview:large, max-video-preview:-1\" \/>\n<link rel=\"canonical\" href=\"http:\/\/www.lesventsdanches.fr\/ensemble-de-clarinettes\/contact\/\" \/>\n<meta property=\"og:locale\" content=\"fr_FR\" \/>\n<meta property=\"og:type\" content=\"article\" \/>\n<meta property=\"og:title\" content=\"Contact ! - Les Vents d&#039;Anches\" \/>\n<meta property=\"og:description\" content=\"Vous souhaitez organiser un concert ? Vous recherchez une animation musicale ? Contact - Ensemble de clarinettes &quot;Les Vents d&#039;Anches&quot;.\" \/>\n<meta property=\"og:url\" content=\"http:\/\/www.lesventsdanches.fr\/ensemble-de-clarinettes\/contact\/\" \/>\n<meta property=\"og:site_name\" content=\"Les Vents d&#039;Anches\" \/>\n<meta property=\"article:modified_time\" content=\"2024-03-04T16:58:12+00:00\" \/>\n<meta property=\"og:image\" content=\"http:\/\/www.lesventsdanches.fr\/wp-content\/uploads\/2013\/05\/FB-f-Logo__blue_29.png\" \/>\n<meta name=\"twitter:label1\" content=\"Dur\u00e9e de lecture estim\u00e9e\" \/>\n\t<meta name=\"twitter:data1\" content=\"1 minute\" \/>\n<script type=\"application\/ld+json\" class=\"yoast-schema-graph\">{\"@context\":\"https:\/\/schema.org\",\"@graph\":[{\"@type\":\"WebPage\",\"@id\":\"http:\/\/www.lesventsdanches.fr\/ensemble-de-clarinettes\/contact\/\",\"url\":\"http:\/\/www.lesventsdanches.fr\/ensemble-de-clarinettes\/contact\/\",\"name\":\"Contact ! - Les Vents d&#039;Anches\",\"isPartOf\":{\"@id\":\"http:\/\/www.lesventsdanches.fr\/ensemble-de-clarinettes\/#website\"},\"datePublished\":\"2013-05-22T12:22:08+00:00\",\"dateModified\":\"2024-03-04T16:58:12+00:00\",\"description\":\"Vous souhaitez organiser un concert ? Vous recherchez une animation musicale ? Contact - Ensemble de clarinettes \\\"Les Vents d'Anches\\\".\",\"breadcrumb\":{\"@id\":\"http:\/\/www.lesventsdanches.fr\/ensemble-de-clarinettes\/contact\/#breadcrumb\"},\"inLanguage\":\"fr-FR\",\"potentialAction\":[{\"@type\":\"ReadAction\",\"target\":[\"http:\/\/www.lesventsdanches.fr\/ensemble-de-clarinettes\/contact\/\"]}]},{\"@type\":\"BreadcrumbList\",\"@id\":\"http:\/\/www.lesventsdanches.fr\/ensemble-de-clarinettes\/contact\/#breadcrumb\",\"itemListElement\":[{\"@type\":\"ListItem\",\"position\":1,\"name\":\"Accueil\",\"item\":\"http:\/\/www.lesventsdanches.fr\/ensemble-de-clarinettes\/\"},{\"@type\":\"ListItem\",\"position\":2,\"name\":\"Contact !\"}]},{\"@type\":\"WebSite\",\"@id\":\"http:\/\/www.lesventsdanches.fr\/ensemble-de-clarinettes\/#website\",\"url\":\"http:\/\/www.lesventsdanches.fr\/ensemble-de-clarinettes\/\",\"name\":\"Les Vents d&#039;Anches\",\"description\":\"Ensemble de clarinettes\",\"potentialAction\":[{\"@type\":\"SearchAction\",\"target\":{\"@type\":\"EntryPoint\",\"urlTemplate\":\"http:\/\/www.lesventsdanches.fr\/ensemble-de-clarinettes\/?s={search_term_string}\"},\"query-input\":\"required name=search_term_string\"}],\"inLanguage\":\"fr-FR\"}]}<\/script>\n<!-- \/ Yoast SEO plugin. -->","yoast_head_json":{"title":"Contact ! - Les Vents d&#039;Anches","description":"Vous souhaitez organiser un concert ? Vous recherchez une animation musicale ? Contact - Ensemble de clarinettes \"Les Vents d'Anches\".","robots":{"index":"index","follow":"follow","max-snippet":"max-snippet:-1","max-image-preview":"max-image-preview:large","max-video-preview":"max-video-preview:-1"},"canonical":"http:\/\/www.lesventsdanches.fr\/ensemble-de-clarinettes\/contact\/","og_locale":"fr_FR","og_type":"article","og_title":"Contact ! - Les Vents d&#039;Anches","og_description":"Vous souhaitez organiser un concert ? Vous recherchez une animation musicale ? Contact - Ensemble de clarinettes \"Les Vents d'Anches\".","og_url":"http:\/\/www.lesventsdanches.fr\/ensemble-de-clarinettes\/contact\/","og_site_name":"Les Vents d&#039;Anches","article_modified_time":"2024-03-04T16:58:12+00:00","og_image":[{"url":"http:\/\/www.lesventsdanches.fr\/wp-content\/uploads\/2013\/05\/FB-f-Logo__blue_29.png"}],"twitter_misc":{"Dur\u00e9e de lecture estim\u00e9e":"1 minute"},"schema":{"@context":"https:\/\/schema.org","@graph":[{"@type":"WebPage","@id":"http:\/\/www.lesventsdanches.fr\/ensemble-de-clarinettes\/contact\/","url":"http:\/\/www.lesventsdanches.fr\/ensemble-de-clarinettes\/contact\/","name":"Contact ! - Les Vents d&#039;Anches","isPartOf":{"@id":"http:\/\/www.lesventsdanches.fr\/ensemble-de-clarinettes\/#website"},"datePublished":"2013-05-22T12:22:08+00:00","dateModified":"2024-03-04T16:58:12+00:00","description":"Vous souhaitez organiser un concert ? Vous recherchez une animation musicale ? Contact - Ensemble de clarinettes \"Les Vents d'Anches\".","breadcrumb":{"@id":"http:\/\/www.lesventsdanches.fr\/ensemble-de-clarinettes\/contact\/#breadcrumb"},"inLanguage":"fr-FR","potentialAction":[{"@type":"ReadAction","target":["http:\/\/www.lesventsdanches.fr\/ensemble-de-clarinettes\/contact\/"]}]},{"@type":"BreadcrumbList","@id":"http:\/\/www.lesventsdanches.fr\/ensemble-de-clarinettes\/contact\/#breadcrumb","itemListElement":[{"@type":"ListItem","position":1,"name":"Accueil","item":"http:\/\/www.lesventsdanches.fr\/ensemble-de-clarinettes\/"},{"@type":"ListItem","position":2,"name":"Contact !"}]},{"@type":"WebSite","@id":"http:\/\/www.lesventsdanches.fr\/ensemble-de-clarinettes\/#website","url":"http:\/\/www.lesventsdanches.fr\/ensemble-de-clarinettes\/","name":"Les Vents d&#039;Anches","description":"Ensemble de clarinettes","potentialAction":[{"@type":"SearchAction","target":{"@type":"EntryPoint","urlTemplate":"http:\/\/www.lesventsdanches.fr\/ensemble-de-clarinettes\/?s={search_term_string}"},"query-input":"required name=search_term_string"}],"inLanguage":"fr-FR"}]}},"jetpack_sharing_enabled":true,"jetpack_shortlink":"https:\/\/wp.me\/P8bxUG-1i","_links":{"self":[{"href":"http:\/\/www.lesventsdanches.fr\/ensemble-de-clarinettes\/wp-json\/wp\/v2\/pages\/80","targetHints":{"allow":["GET"]}}],"collection":[{"href":"http:\/\/www.lesventsdanches.fr\/ensemble-de-clarinettes\/wp-json\/wp\/v2\/pages"}],"about":[{"href":"http:\/\/www.lesventsdanches.fr\/ensemble-de-clarinettes\/wp-json\/wp\/v2\/types\/page"}],"author":[{"embeddable":true,"href":"http:\/\/www.lesventsdanches.fr\/ensemble-de-clarinettes\/wp-json\/wp\/v2\/users\/2"}],"replies":[{"embeddable":true,"href":"http:\/\/www.lesventsdanches.fr\/ensemble-de-clarinettes\/wp-json\/wp\/v2\/comments?post=80"}],"version-history":[{"count":82,"href":"http:\/\/www.lesventsdanches.fr\/ensemble-de-clarinettes\/wp-json\/wp\/v2\/pages\/80\/revisions"}],"predecessor-version":[{"id":1174,"href":"http:\/\/www.lesventsdanches.fr\/ensemble-de-clarinettes\/wp-json\/wp\/v2\/pages\/80\/revisions\/1174"}],"wp:attachment":[{"href":"http:\/\/www.lesventsdanches.fr\/ensemble-de-clarinettes\/wp-json\/wp\/v2\/media?parent=80"}],"curies":[{"name":"wp","href":"https:\/\/api.w.org\/{rel}","templated":true}]}}